{"id":27957,"date":"2024-02-05T12:11:26","date_gmt":"2024-02-05T10:11:26","guid":{"rendered":"https:\/\/www.ifegypte.com\/evenement\/alexandria-photo-week-discussion-avec-dr-damarice-amao-sur-lexperience-de-juger-pour-world-press-photo\/"},"modified":"2024-02-05T12:45:14","modified_gmt":"2024-02-05T10:45:14","slug":"alexandria-photo-week-discussion-avec-dr-damarice-amao-sur-lexperience-de-juger-pour-world-press-photo","status":"publish","type":"tribe_events","link":"https:\/\/www.ifegypte.com\/en\/evenement\/alexandria-photo-week-discussion-avec-dr-damarice-amao-sur-lexperience-de-juger-pour-world-press-photo\/","title":{"rendered":"\u201c\ud835\udde3\ud835\ude02\ud835\uddef\ud835\uddf9\ud835\uddf6\ud835\uddf0 \ud835\udde7\ud835\uddee\ud835\uddf9\ud835\uddf8 \ud835\uddee\ud835\uddef\ud835\uddfc\ud835\ude02\ud835\ude01 \ud835\udde7\ud835\uddf5\ud835\uddf2 \ud835\uddd8\ud835\ude05\ud835\uddfd\ud835\uddf2\ud835\uddff\ud835\uddf6\ud835\uddf2\ud835\uddfb\ud835\uddf0\ud835\uddf2 \ud835\uddfc\ud835\uddf3 \ud835\uddd5\ud835\uddf2\ud835\uddf6\ud835\uddfb\ud835\uddf4 \ud835\udddd\ud835\ude02\ud835\uddff\ud835\ude06 \ud835\uddf3\ud835\uddfc\ud835\uddff \ud835\uddea\ud835\uddfc\ud835\uddff\ud835\uddf9\ud835\uddf1 \ud835\udde3\ud835\uddff\ud835\uddf2\ud835\ude00\ud835\ude00 \ud835\udde3\ud835\uddf5\ud835\uddfc\ud835\ude01\ud835\uddfc (\ud835\udde3\ud835\uddf5\ud835\uddfc\ud835\ude01\ud835\uddfc &#038; \ud835\udde3\ud835\uddfc\ud835\uddf9\ud835\uddf6\ud835\ude01\ud835\uddf6\ud835\uddf0\ud835\ude00 \ud835\udde2\ud835\uddff\ud835\uddf6\ud835\uddf2\ud835\uddfb\ud835\ude01\ud835\uddee\ud835\ude01\ud835\uddf6\ud835\uddfc\ud835\uddfb)&#8221; Talk by Damarice Amao"},"content":{"rendered":"<div class=\"x11i5rnm xat24cr x1mh8g0r x1vvkbs xtlvy1s x126k92a\">\n<div dir=\"auto\">\n<p>Dr Amao is an associate curator for photography at the Mus\u00e9e National d\u2019Art Moderne\/Centre Pompidou in Paris.<\/p>\n<p>She has co-curated exhibitions such as Eli Lotar (Jeu de Paume, 2017), Photography, Weapon of Class (Centre Pompidou, 2018) and Dora Maar (Centre Pompidou, Tate, Getty, 2019) and co-edited the accompanying catalogues. She recently curated and edited the following projects : Charlotte Perriand. Politics of photomontage (Rencontres d&#8217;Arles,<br \/>\n2021), Nicole Gravier. Myths and Clich\u00e9s (Rencontres d\u2019Arles, 2023) and D\u00e9cadrage colonial.<br \/>\nAnticolonialism, Surrealism, Modern Photography (Centre Pompidou, 2022)<\/p>\n<p>She is the author of Eli Lotar et le mouvement des images (2017) and has contributed to<br \/>\nnumerous publications including Bernar Venet. Photographies ; James Barnor. The<br \/>\nRoadmaker (2021) ; Vari\u00e9t\u00e9s et l\u2019esprit contemporain (2019), Le Spectre du Surr\u00e9alisme<br \/>\n(2017)<\/p>\n<\/div>\n<\/div>\n","protected":false},"excerpt":{"rendered":"<p>Dr Amao is an associate curator for photography at the Mus\u00e9e National d\u2019Art Moderne\/Centre Pompidou [&hellip;]<\/p>\n","protected":false},"author":8,"featured_media":27954,"template":"","meta":{"_tribe_events_status":"","_tribe_events_status_reason":"","footnotes":""},"tags":[],"tribe_events_cat":[122,127],"class_list":["post-27957","tribe_events","type-tribe_events","status-publish","has-post-thumbnail","hentry","tribe_events_cat-alexandrie-en","tribe_events_cat-general-en","cat_alexandrie-en","cat_general-en"],"yoast_head":"<!-- This site is optimized with the Yoast SEO plugin v27.1.1 - https:\/\/yoast.com\/product\/yoast-seo-wordpress\/ -->\n<title>\u201c\ud835\udde3\ud835\ude02\ud835\uddef\ud835\uddf9\ud835\uddf6\ud835\uddf0 \ud835\udde7\ud835\uddee\ud835\uddf9\ud835\uddf8 \ud835\uddee\ud835\uddef\ud835\uddfc\ud835\ude02\ud835\ude01 \ud835\udde7\ud835\uddf5\ud835\uddf2 \ud835\uddd8\ud835\ude05\ud835\uddfd\ud835\uddf2\ud835\uddff\ud835\uddf6\ud835\uddf2\ud835\uddfb\ud835\uddf0\ud835\uddf2 \ud835\uddfc\ud835\uddf3 \ud835\uddd5\ud835\uddf2\ud835\uddf6\ud835\uddfb\ud835\uddf4 \ud835\udddd\ud835\ude02\ud835\uddff\ud835\ude06 \ud835\uddf3\ud835\uddfc\ud835\uddff \ud835\uddea\ud835\uddfc\ud835\uddff\ud835\uddf9\ud835\uddf1 \ud835\udde3\ud835\uddff\ud835\uddf2\ud835\ude00\ud835\ude00 \ud835\udde3\ud835\uddf5\ud835\uddfc\ud835\ude01\ud835\uddfc (\ud835\udde3\ud835\uddf5\ud835\uddfc\ud835\ude01\ud835\uddfc &amp; \ud835\udde3\ud835\uddfc\ud835\uddf9\ud835\uddf6\ud835\ude01\ud835\uddf6\ud835\uddf0\ud835\ude00 \ud835\udde2\ud835\uddff\ud835\uddf6\ud835\uddf2\ud835\uddfb\ud835\ude01\ud835\uddee\ud835\ude01\ud835\uddf6\ud835\uddfc\ud835\uddfb)&quot; Talk by Damarice Amao - Institut fran\u00e7ais d&#039;\u00c9gypte<\/title>\n<meta name=\"robots\" content=\"index, follow, max-snippet:-1, max-image-preview:large, max-video-preview:-1\" \/>\n<link rel=\"canonical\" href=\"https:\/\/www.ifegypte.com\/evenement\/alexandria-photo-week-discussion-avec-dr-damarice-amao-sur-lexperience-de-juger-pour-world-press-photo\/\" \/>\n<meta property=\"og:locale\" content=\"en_GB\" \/>\n<meta property=\"og:type\" content=\"article\" \/>\n<meta property=\"og:title\" content=\"\u201c\ud835\udde3\ud835\ude02\ud835\uddef\ud835\uddf9\ud835\uddf6\ud835\uddf0 \ud835\udde7\ud835\uddee\ud835\uddf9\ud835\uddf8 \ud835\uddee\ud835\uddef\ud835\uddfc\ud835\ude02\ud835\ude01 \ud835\udde7\ud835\uddf5\ud835\uddf2 \ud835\uddd8\ud835\ude05\ud835\uddfd\ud835\uddf2\ud835\uddff\ud835\uddf6\ud835\uddf2\ud835\uddfb\ud835\uddf0\ud835\uddf2 \ud835\uddfc\ud835\uddf3 \ud835\uddd5\ud835\uddf2\ud835\uddf6\ud835\uddfb\ud835\uddf4 \ud835\udddd\ud835\ude02\ud835\uddff\ud835\ude06 \ud835\uddf3\ud835\uddfc\ud835\uddff \ud835\uddea\ud835\uddfc\ud835\uddff\ud835\uddf9\ud835\uddf1 \ud835\udde3\ud835\uddff\ud835\uddf2\ud835\ude00\ud835\ude00 \ud835\udde3\ud835\uddf5\ud835\uddfc\ud835\ude01\ud835\uddfc (\ud835\udde3\ud835\uddf5\ud835\uddfc\ud835\ude01\ud835\uddfc &amp; \ud835\udde3\ud835\uddfc\ud835\uddf9\ud835\uddf6\ud835\ude01\ud835\uddf6\ud835\uddf0\ud835\ude00 \ud835\udde2\ud835\uddff\ud835\uddf6\ud835\uddf2\ud835\uddfb\ud835\ude01\ud835\uddee\ud835\ude01\ud835\uddf6\ud835\uddfc\ud835\uddfb)&quot; Talk by Damarice Amao - Institut fran\u00e7ais d&#039;\u00c9gypte\" \/>\n<meta property=\"og:description\" content=\"Dr Amao is an associate curator for photography at the Mus\u00e9e National d\u2019Art Moderne\/Centre Pompidou [&hellip;]\" \/>\n<meta property=\"og:url\" content=\"https:\/\/www.ifegypte.com\/evenement\/alexandria-photo-week-discussion-avec-dr-damarice-amao-sur-lexperience-de-juger-pour-world-press-photo\/\" \/>\n<meta property=\"og:site_name\" content=\"Institut fran\u00e7ais d&#039;\u00c9gypte\" \/>\n<meta property=\"article:publisher\" content=\"https:\/\/www.facebook.com\/InstitutFrancaisEgypte\/\" \/>\n<meta property=\"article:modified_time\" content=\"2024-02-05T10:45:14+00:00\" \/>\n<meta property=\"og:image\" content=\"https:\/\/www.ifegypte.com\/wp-content\/uploads\/2024\/02\/423004750_17978529203640169_2806318836041786159_n.jpg\" \/>\n\t<meta property=\"og:image:width\" content=\"1440\" \/>\n\t<meta property=\"og:image:height\" content=\"1438\" \/>\n\t<meta property=\"og:image:type\" content=\"image\/jpeg\" \/>\n<meta name=\"twitter:card\" content=\"summary_large_image\" \/>\n<meta name=\"twitter:site\" content=\"@IFEgypte\" \/>\n<meta name=\"twitter:label1\" content=\"Estimated reading time\" \/>\n\t<meta name=\"twitter:data1\" content=\"1 minute\" \/>\n<script type=\"application\/ld+json\" class=\"yoast-schema-graph\">{\"@context\":\"https:\/\/schema.org\",\"@graph\":[{\"@type\":\"WebPage\",\"@id\":\"https:\/\/www.ifegypte.com\/evenement\/alexandria-photo-week-discussion-avec-dr-damarice-amao-sur-lexperience-de-juger-pour-world-press-photo\/\",\"url\":\"https:\/\/www.ifegypte.com\/evenement\/alexandria-photo-week-discussion-avec-dr-damarice-amao-sur-lexperience-de-juger-pour-world-press-photo\/\",\"name\":\"\u201c\ud835\udde3\ud835\ude02\ud835\uddef\ud835\uddf9\ud835\uddf6\ud835\uddf0 \ud835\udde7\ud835\uddee\ud835\uddf9\ud835\uddf8 \ud835\uddee\ud835\uddef\ud835\uddfc\ud835\ude02\ud835\ude01 \ud835\udde7\ud835\uddf5\ud835\uddf2 \ud835\uddd8\ud835\ude05\ud835\uddfd\ud835\uddf2\ud835\uddff\ud835\uddf6\ud835\uddf2\ud835\uddfb\ud835\uddf0\ud835\uddf2 \ud835\uddfc\ud835\uddf3 \ud835\uddd5\ud835\uddf2\ud835\uddf6\ud835\uddfb\ud835\uddf4 \ud835\udddd\ud835\ude02\ud835\uddff\ud835\ude06 \ud835\uddf3\ud835\uddfc\ud835\uddff \ud835\uddea\ud835\uddfc\ud835\uddff\ud835\uddf9\ud835\uddf1 \ud835\udde3\ud835\uddff\ud835\uddf2\ud835\ude00\ud835\ude00 \ud835\udde3\ud835\uddf5\ud835\uddfc\ud835\ude01\ud835\uddfc (\ud835\udde3\ud835\uddf5\ud835\uddfc\ud835\ude01\ud835\uddfc & \ud835\udde3\ud835\uddfc\ud835\uddf9\ud835\uddf6\ud835\ude01\ud835\uddf6\ud835\uddf0\ud835\ude00 \ud835\udde2\ud835\uddff\ud835\uddf6\ud835\uddf2\ud835\uddfb\ud835\ude01\ud835\uddee\ud835\ude01\ud835\uddf6\ud835\uddfc\ud835\uddfb)\\\" Talk by Damarice Amao - Institut fran\u00e7ais d&#039;\u00c9gypte\",\"isPartOf\":{\"@id\":\"https:\/\/www.ifegypte.com\/#website\"},\"primaryImageOfPage\":{\"@id\":\"https:\/\/www.ifegypte.com\/evenement\/alexandria-photo-week-discussion-avec-dr-damarice-amao-sur-lexperience-de-juger-pour-world-press-photo\/#primaryimage\"},\"image\":{\"@id\":\"https:\/\/www.ifegypte.com\/evenement\/alexandria-photo-week-discussion-avec-dr-damarice-amao-sur-lexperience-de-juger-pour-world-press-photo\/#primaryimage\"},\"thumbnailUrl\":\"https:\/\/www.ifegypte.com\/wp-content\/uploads\/2024\/02\/423004750_17978529203640169_2806318836041786159_n.jpg\",\"datePublished\":\"2024-02-05T10:11:26+00:00\",\"dateModified\":\"2024-02-05T10:45:14+00:00\",\"breadcrumb\":{\"@id\":\"https:\/\/www.ifegypte.com\/evenement\/alexandria-photo-week-discussion-avec-dr-damarice-amao-sur-lexperience-de-juger-pour-world-press-photo\/#breadcrumb\"},\"inLanguage\":\"en-GB\",\"potentialAction\":[{\"@type\":\"ReadAction\",\"target\":[\"https:\/\/www.ifegypte.com\/evenement\/alexandria-photo-week-discussion-avec-dr-damarice-amao-sur-lexperience-de-juger-pour-world-press-photo\/\"]}]},{\"@type\":\"ImageObject\",\"inLanguage\":\"en-GB\",\"@id\":\"https:\/\/www.ifegypte.com\/evenement\/alexandria-photo-week-discussion-avec-dr-damarice-amao-sur-lexperience-de-juger-pour-world-press-photo\/#primaryimage\",\"url\":\"https:\/\/www.ifegypte.com\/wp-content\/uploads\/2024\/02\/423004750_17978529203640169_2806318836041786159_n.jpg\",\"contentUrl\":\"https:\/\/www.ifegypte.com\/wp-content\/uploads\/2024\/02\/423004750_17978529203640169_2806318836041786159_n.jpg\",\"width\":1440,\"height\":1438},{\"@type\":\"BreadcrumbList\",\"@id\":\"https:\/\/www.ifegypte.com\/evenement\/alexandria-photo-week-discussion-avec-dr-damarice-amao-sur-lexperience-de-juger-pour-world-press-photo\/#breadcrumb\",\"itemListElement\":[{\"@type\":\"ListItem\",\"position\":1,\"name\":\"\",\"item\":\"https:\/\/www.ifegypte.com\/en\/\"},{\"@type\":\"ListItem\",\"position\":2,\"name\":\"\u00c9v\u00e8nements\",\"item\":\"https:\/\/www.ifegypte.com\/evenements\/\"},{\"@type\":\"ListItem\",\"position\":3,\"name\":\"\u201c\ud835\udde3\ud835\ude02\ud835\uddef\ud835\uddf9\ud835\uddf6\ud835\uddf0 \ud835\udde7\ud835\uddee\ud835\uddf9\ud835\uddf8 \ud835\uddee\ud835\uddef\ud835\uddfc\ud835\ude02\ud835\ude01 \ud835\udde7\ud835\uddf5\ud835\uddf2 \ud835\uddd8\ud835\ude05\ud835\uddfd\ud835\uddf2\ud835\uddff\ud835\uddf6\ud835\uddf2\ud835\uddfb\ud835\uddf0\ud835\uddf2 \ud835\uddfc\ud835\uddf3 \ud835\uddd5\ud835\uddf2\ud835\uddf6\ud835\uddfb\ud835\uddf4 \ud835\udddd\ud835\ude02\ud835\uddff\ud835\ude06 \ud835\uddf3\ud835\uddfc\ud835\uddff \ud835\uddea\ud835\uddfc\ud835\uddff\ud835\uddf9\ud835\uddf1 \ud835\udde3\ud835\uddff\ud835\uddf2\ud835\ude00\ud835\ude00 \ud835\udde3\ud835\uddf5\ud835\uddfc\ud835\ude01\ud835\uddfc (\ud835\udde3\ud835\uddf5\ud835\uddfc\ud835\ude01\ud835\uddfc &#038; \ud835\udde3\ud835\uddfc\ud835\uddf9\ud835\uddf6\ud835\ude01\ud835\uddf6\ud835\uddf0\ud835\ude00 \ud835\udde2\ud835\uddff\ud835\uddf6\ud835\uddf2\ud835\uddfb\ud835\ude01\ud835\uddee\ud835\ude01\ud835\uddf6\ud835\uddfc\ud835\uddfb)\u00a0\u00bb Talk by Damarice Amao\"}]},{\"@type\":\"WebSite\",\"@id\":\"https:\/\/www.ifegypte.com\/#website\",\"url\":\"https:\/\/www.ifegypte.com\/\",\"name\":\"Institut fran\u00e7ais d&#039;\u00c9gypte\",\"description\":\"\",\"potentialAction\":[{\"@type\":\"SearchAction\",\"target\":{\"@type\":\"EntryPoint\",\"urlTemplate\":\"https:\/\/www.ifegypte.com\/?s={search_term_string}\"},\"query-input\":{\"@type\":\"PropertyValueSpecification\",\"valueRequired\":true,\"valueName\":\"search_term_string\"}}],\"inLanguage\":\"en-GB\"}]}<\/script>\n<!-- \/ Yoast SEO plugin. -->","yoast_head_json":{"title":"\u201c\ud835\udde3\ud835\ude02\ud835\uddef\ud835\uddf9\ud835\uddf6\ud835\uddf0 \ud835\udde7\ud835\uddee\ud835\uddf9\ud835\uddf8 \ud835\uddee\ud835\uddef\ud835\uddfc\ud835\ude02\ud835\ude01 \ud835\udde7\ud835\uddf5\ud835\uddf2 \ud835\uddd8\ud835\ude05\ud835\uddfd\ud835\uddf2\ud835\uddff\ud835\uddf6\ud835\uddf2\ud835\uddfb\ud835\uddf0\ud835\uddf2 \ud835\uddfc\ud835\uddf3 \ud835\uddd5\ud835\uddf2\ud835\uddf6\ud835\uddfb\ud835\uddf4 \ud835\udddd\ud835\ude02\ud835\uddff\ud835\ude06 \ud835\uddf3\ud835\uddfc\ud835\uddff \ud835\uddea\ud835\uddfc\ud835\uddff\ud835\uddf9\ud835\uddf1 \ud835\udde3\ud835\uddff\ud835\uddf2\ud835\ude00\ud835\ude00 \ud835\udde3\ud835\uddf5\ud835\uddfc\ud835\ude01\ud835\uddfc (\ud835\udde3\ud835\uddf5\ud835\uddfc\ud835\ude01\ud835\uddfc & \ud835\udde3\ud835\uddfc\ud835\uddf9\ud835\uddf6\ud835\ude01\ud835\uddf6\ud835\uddf0\ud835\ude00 \ud835\udde2\ud835\uddff\ud835\uddf6\ud835\uddf2\ud835\uddfb\ud835\ude01\ud835\uddee\ud835\ude01\ud835\uddf6\ud835\uddfc\ud835\uddfb)\" Talk by Damarice Amao - Institut fran\u00e7ais d&#039;\u00c9gypte","robots":{"index":"index","follow":"follow","max-snippet":"max-snippet:-1","max-image-preview":"max-image-preview:large","max-video-preview":"max-video-preview:-1"},"canonical":"https:\/\/www.ifegypte.com\/evenement\/alexandria-photo-week-discussion-avec-dr-damarice-amao-sur-lexperience-de-juger-pour-world-press-photo\/","og_locale":"en_GB","og_type":"article","og_title":"\u201c\ud835\udde3\ud835\ude02\ud835\uddef\ud835\uddf9\ud835\uddf6\ud835\uddf0 \ud835\udde7\ud835\uddee\ud835\uddf9\ud835\uddf8 \ud835\uddee\ud835\uddef\ud835\uddfc\ud835\ude02\ud835\ude01 \ud835\udde7\ud835\uddf5\ud835\uddf2 \ud835\uddd8\ud835\ude05\ud835\uddfd\ud835\uddf2\ud835\uddff\ud835\uddf6\ud835\uddf2\ud835\uddfb\ud835\uddf0\ud835\uddf2 \ud835\uddfc\ud835\uddf3 \ud835\uddd5\ud835\uddf2\ud835\uddf6\ud835\uddfb\ud835\uddf4 \ud835\udddd\ud835\ude02\ud835\uddff\ud835\ude06 \ud835\uddf3\ud835\uddfc\ud835\uddff \ud835\uddea\ud835\uddfc\ud835\uddff\ud835\uddf9\ud835\uddf1 \ud835\udde3\ud835\uddff\ud835\uddf2\ud835\ude00\ud835\ude00 \ud835\udde3\ud835\uddf5\ud835\uddfc\ud835\ude01\ud835\uddfc (\ud835\udde3\ud835\uddf5\ud835\uddfc\ud835\ude01\ud835\uddfc & \ud835\udde3\ud835\uddfc\ud835\uddf9\ud835\uddf6\ud835\ude01\ud835\uddf6\ud835\uddf0\ud835\ude00 \ud835\udde2\ud835\uddff\ud835\uddf6\ud835\uddf2\ud835\uddfb\ud835\ude01\ud835\uddee\ud835\ude01\ud835\uddf6\ud835\uddfc\ud835\uddfb)\" Talk by Damarice Amao - Institut fran\u00e7ais d&#039;\u00c9gypte","og_description":"Dr Amao is an associate curator for photography at the Mus\u00e9e National d\u2019Art Moderne\/Centre Pompidou [&hellip;]","og_url":"https:\/\/www.ifegypte.com\/evenement\/alexandria-photo-week-discussion-avec-dr-damarice-amao-sur-lexperience-de-juger-pour-world-press-photo\/","og_site_name":"Institut fran\u00e7ais d&#039;\u00c9gypte","article_publisher":"https:\/\/www.facebook.com\/InstitutFrancaisEgypte\/","article_modified_time":"2024-02-05T10:45:14+00:00","og_image":[{"width":1440,"height":1438,"url":"https:\/\/www.ifegypte.com\/wp-content\/uploads\/2024\/02\/423004750_17978529203640169_2806318836041786159_n.jpg","type":"image\/jpeg"}],"twitter_card":"summary_large_image","twitter_site":"@IFEgypte","twitter_misc":{"Estimated reading time":"1 minute"},"schema":{"@context":"https:\/\/schema.org","@graph":[{"@type":"WebPage","@id":"https:\/\/www.ifegypte.com\/evenement\/alexandria-photo-week-discussion-avec-dr-damarice-amao-sur-lexperience-de-juger-pour-world-press-photo\/","url":"https:\/\/www.ifegypte.com\/evenement\/alexandria-photo-week-discussion-avec-dr-damarice-amao-sur-lexperience-de-juger-pour-world-press-photo\/","name":"\u201c\ud835\udde3\ud835\ude02\ud835\uddef\ud835\uddf9\ud835\uddf6\ud835\uddf0 \ud835\udde7\ud835\uddee\ud835\uddf9\ud835\uddf8 \ud835\uddee\ud835\uddef\ud835\uddfc\ud835\ude02\ud835\ude01 \ud835\udde7\ud835\uddf5\ud835\uddf2 \ud835\uddd8\ud835\ude05\ud835\uddfd\ud835\uddf2\ud835\uddff\ud835\uddf6\ud835\uddf2\ud835\uddfb\ud835\uddf0\ud835\uddf2 \ud835\uddfc\ud835\uddf3 \ud835\uddd5\ud835\uddf2\ud835\uddf6\ud835\uddfb\ud835\uddf4 \ud835\udddd\ud835\ude02\ud835\uddff\ud835\ude06 \ud835\uddf3\ud835\uddfc\ud835\uddff \ud835\uddea\ud835\uddfc\ud835\uddff\ud835\uddf9\ud835\uddf1 \ud835\udde3\ud835\uddff\ud835\uddf2\ud835\ude00\ud835\ude00 \ud835\udde3\ud835\uddf5\ud835\uddfc\ud835\ude01\ud835\uddfc (\ud835\udde3\ud835\uddf5\ud835\uddfc\ud835\ude01\ud835\uddfc & \ud835\udde3\ud835\uddfc\ud835\uddf9\ud835\uddf6\ud835\ude01\ud835\uddf6\ud835\uddf0\ud835\ude00 \ud835\udde2\ud835\uddff\ud835\uddf6\ud835\uddf2\ud835\uddfb\ud835\ude01\ud835\uddee\ud835\ude01\ud835\uddf6\ud835\uddfc\ud835\uddfb)\" Talk by Damarice Amao - Institut fran\u00e7ais d&#039;\u00c9gypte","isPartOf":{"@id":"https:\/\/www.ifegypte.com\/#website"},"primaryImageOfPage":{"@id":"https:\/\/www.ifegypte.com\/evenement\/alexandria-photo-week-discussion-avec-dr-damarice-amao-sur-lexperience-de-juger-pour-world-press-photo\/#primaryimage"},"image":{"@id":"https:\/\/www.ifegypte.com\/evenement\/alexandria-photo-week-discussion-avec-dr-damarice-amao-sur-lexperience-de-juger-pour-world-press-photo\/#primaryimage"},"thumbnailUrl":"https:\/\/www.ifegypte.com\/wp-content\/uploads\/2024\/02\/423004750_17978529203640169_2806318836041786159_n.jpg","datePublished":"2024-02-05T10:11:26+00:00","dateModified":"2024-02-05T10:45:14+00:00","breadcrumb":{"@id":"https:\/\/www.ifegypte.com\/evenement\/alexandria-photo-week-discussion-avec-dr-damarice-amao-sur-lexperience-de-juger-pour-world-press-photo\/#breadcrumb"},"inLanguage":"en-GB","potentialAction":[{"@type":"ReadAction","target":["https:\/\/www.ifegypte.com\/evenement\/alexandria-photo-week-discussion-avec-dr-damarice-amao-sur-lexperience-de-juger-pour-world-press-photo\/"]}]},{"@type":"ImageObject","inLanguage":"en-GB","@id":"https:\/\/www.ifegypte.com\/evenement\/alexandria-photo-week-discussion-avec-dr-damarice-amao-sur-lexperience-de-juger-pour-world-press-photo\/#primaryimage","url":"https:\/\/www.ifegypte.com\/wp-content\/uploads\/2024\/02\/423004750_17978529203640169_2806318836041786159_n.jpg","contentUrl":"https:\/\/www.ifegypte.com\/wp-content\/uploads\/2024\/02\/423004750_17978529203640169_2806318836041786159_n.jpg","width":1440,"height":1438},{"@type":"BreadcrumbList","@id":"https:\/\/www.ifegypte.com\/evenement\/alexandria-photo-week-discussion-avec-dr-damarice-amao-sur-lexperience-de-juger-pour-world-press-photo\/#breadcrumb","itemListElement":[{"@type":"ListItem","position":1,"name":"","item":"https:\/\/www.ifegypte.com\/en\/"},{"@type":"ListItem","position":2,"name":"\u00c9v\u00e8nements","item":"https:\/\/www.ifegypte.com\/evenements\/"},{"@type":"ListItem","position":3,"name":"\u201c\ud835\udde3\ud835\ude02\ud835\uddef\ud835\uddf9\ud835\uddf6\ud835\uddf0 \ud835\udde7\ud835\uddee\ud835\uddf9\ud835\uddf8 \ud835\uddee\ud835\uddef\ud835\uddfc\ud835\ude02\ud835\ude01 \ud835\udde7\ud835\uddf5\ud835\uddf2 \ud835\uddd8\ud835\ude05\ud835\uddfd\ud835\uddf2\ud835\uddff\ud835\uddf6\ud835\uddf2\ud835\uddfb\ud835\uddf0\ud835\uddf2 \ud835\uddfc\ud835\uddf3 \ud835\uddd5\ud835\uddf2\ud835\uddf6\ud835\uddfb\ud835\uddf4 \ud835\udddd\ud835\ude02\ud835\uddff\ud835\ude06 \ud835\uddf3\ud835\uddfc\ud835\uddff \ud835\uddea\ud835\uddfc\ud835\uddff\ud835\uddf9\ud835\uddf1 \ud835\udde3\ud835\uddff\ud835\uddf2\ud835\ude00\ud835\ude00 \ud835\udde3\ud835\uddf5\ud835\uddfc\ud835\ude01\ud835\uddfc (\ud835\udde3\ud835\uddf5\ud835\uddfc\ud835\ude01\ud835\uddfc &#038; \ud835\udde3\ud835\uddfc\ud835\uddf9\ud835\uddf6\ud835\ude01\ud835\uddf6\ud835\uddf0\ud835\ude00 \ud835\udde2\ud835\uddff\ud835\uddf6\ud835\uddf2\ud835\uddfb\ud835\ude01\ud835\uddee\ud835\ude01\ud835\uddf6\ud835\uddfc\ud835\uddfb)\u00a0\u00bb Talk by Damarice Amao"}]},{"@type":"WebSite","@id":"https:\/\/www.ifegypte.com\/#website","url":"https:\/\/www.ifegypte.com\/","name":"Institut fran\u00e7ais d&#039;\u00c9gypte","description":"","potentialAction":[{"@type":"SearchAction","target":{"@type":"EntryPoint","urlTemplate":"https:\/\/www.ifegypte.com\/?s={search_term_string}"},"query-input":{"@type":"PropertyValueSpecification","valueRequired":true,"valueName":"search_term_string"}}],"inLanguage":"en-GB"}]}},"_links":{"self":[{"href":"https:\/\/www.ifegypte.com\/en\/wp-json\/wp\/v2\/tribe_events\/27957","targetHints":{"allow":["GET"]}}],"collection":[{"href":"https:\/\/www.ifegypte.com\/en\/wp-json\/wp\/v2\/tribe_events"}],"about":[{"href":"https:\/\/www.ifegypte.com\/en\/wp-json\/wp\/v2\/types\/tribe_events"}],"author":[{"embeddable":true,"href":"https:\/\/www.ifegypte.com\/en\/wp-json\/wp\/v2\/users\/8"}],"version-history":[{"count":2,"href":"https:\/\/www.ifegypte.com\/en\/wp-json\/wp\/v2\/tribe_events\/27957\/revisions"}],"predecessor-version":[{"id":27959,"href":"https:\/\/www.ifegypte.com\/en\/wp-json\/wp\/v2\/tribe_events\/27957\/revisions\/27959"}],"wp:featuredmedia":[{"embeddable":true,"href":"https:\/\/www.ifegypte.com\/en\/wp-json\/wp\/v2\/media\/27954"}],"wp:attachment":[{"href":"https:\/\/www.ifegypte.com\/en\/wp-json\/wp\/v2\/media?parent=27957"}],"wp:term":[{"taxonomy":"post_tag","embeddable":true,"href":"https:\/\/www.ifegypte.com\/en\/wp-json\/wp\/v2\/tags?post=27957"},{"taxonomy":"tribe_events_cat","embeddable":true,"href":"https:\/\/www.ifegypte.com\/en\/wp-json\/wp\/v2\/tribe_events_cat?post=27957"}],"curies":[{"name":"wp","href":"https:\/\/api.w.org\/{rel}","templated":true}]}}