{"id":33943,"date":"2025-03-11T13:53:13","date_gmt":"2025-03-11T11:53:13","guid":{"rendered":"https:\/\/www.ifegypte.com\/evenement\/33938\/"},"modified":"2025-03-11T14:25:19","modified_gmt":"2025-03-11T12:25:19","slug":"33938","status":"publish","type":"tribe_events","link":"https:\/\/www.ifegypte.com\/ar\/evenement\/33938\/","title":{"rendered":"Projection de Family Therapy"},"content":{"rendered":"<p class=\"Paragraph SCXW132901466 BCX8\" data-pm-slice=\"1 1 []\">Plongez dans l\u2019univers du cin\u00e9ma slov\u00e8ne avec une projection organis\u00e9e par l\u2019Ambassade de Slov\u00e9nie !<\/p>\n<p class=\"Paragraph SCXW132901466 BCX8\">\ud83c\udfac Projection de <em>Family Therapy<\/em> (<em>Odre\u0161itev za za\u010detnike<\/em>) \u2013 Un film de Sonja Prosenc (2024)<\/p>\n<p class=\"Paragraph SCXW24367395 BCX8\">D\u00e9couvrez cette com\u00e9die noire o\u00f9 une famille slov\u00e8ne apparemment parfaite \u2013 Aleksander, son \u00e9pouse Olivia et leur fille Agata \u2013 voit son harmonie voler en \u00e9clats avec l\u2019arriv\u00e9e de Julien, le fils de 25 ans d\u2019Aleksander, issu d\u2019une pr\u00e9c\u00e9dente relation. La pr\u00e9sence de cet \u00e9tranger fait \u00e9merger les failles de leur fa\u00e7ade idyllique, r\u00e9v\u00e9lant peurs profondes, imperfections et d\u00e9sirs inavou\u00e9s, alors que leurs relations dysfonctionnelles se d\u00e9lient sous la pression du chaos ext\u00e9rieur.<\/p>\n<p class=\"Paragraph SCXW24367395 BCX8\">\ud83c\udfc6 Un film prim\u00e9 !<br \/>\nR\u00e9compens\u00e9 au Festival du film slov\u00e8ne de Portoro\u017e, il a re\u00e7u plusieurs distinctions, dont :<br \/>\n\u2022 Meilleur film &amp; Meilleur sc\u00e9nario<br \/>\n\u2022 Meilleur acteur \u2013 Marko Mandi\u0107 &amp; Meilleure actrice \u2013 Katarina Stegnar<\/p>\n<p class=\"Paragraph SCXW24367395 BCX8\">\ud83d\udcc6 Dimanche 16 mars \u00e0 20h<br \/>\n\ud83d\udccd Institut Fran\u00e7ais d\u2019\u00c9gypte<br \/>\n\ud83c\udd93 Entr\u00e9e libre<\/p>\n<p class=\"Paragraph SCXW24367395 BCX8\">Restez connect\u00e9s pour d\u00e9couvrir le programme complet du Mois de la Francophonie !<\/p>\n","protected":false},"excerpt":{"rendered":"<p>Plongez dans l\u2019univers du cin\u00e9ma slov\u00e8ne avec une projection organis\u00e9e par l\u2019Ambassade de Slov\u00e9nie ! [&hellip;]<\/p>\n","protected":false},"author":8,"featured_media":33940,"template":"","meta":{"_tribe_events_status":"","_tribe_events_status_reason":"","footnotes":""},"tags":[],"tribe_events_cat":[54],"class_list":["post-33943","tribe_events","type-tribe_events","status-publish","has-post-thumbnail","hentry","tribe_events_cat-54","cat_54"],"yoast_head":"<!-- This site is optimized with the Yoast SEO plugin v27.1.1 - https:\/\/yoast.com\/product\/yoast-seo-wordpress\/ -->\n<title>Projection de Family Therapy - Institut fran\u00e7ais d&#039;\u00c9gypte<\/title>\n<meta name=\"robots\" content=\"index, follow, max-snippet:-1, max-image-preview:large, max-video-preview:-1\" \/>\n<link rel=\"canonical\" href=\"https:\/\/www.ifegypte.com\/ar\/evenement\/33938\/\" \/>\n<meta property=\"og:locale\" content=\"ar_AR\" \/>\n<meta property=\"og:type\" content=\"article\" \/>\n<meta property=\"og:title\" content=\"Projection de Family Therapy - Institut fran\u00e7ais d&#039;\u00c9gypte\" \/>\n<meta property=\"og:description\" content=\"Plongez dans l\u2019univers du cin\u00e9ma slov\u00e8ne avec une projection organis\u00e9e par l\u2019Ambassade de Slov\u00e9nie ! [&hellip;]\" \/>\n<meta property=\"og:url\" content=\"https:\/\/www.ifegypte.com\/ar\/evenement\/33938\/\" \/>\n<meta property=\"og:site_name\" content=\"Institut fran\u00e7ais d&#039;\u00c9gypte\" \/>\n<meta property=\"article:publisher\" content=\"https:\/\/www.facebook.com\/InstitutFrancaisEgypte\/\" \/>\n<meta property=\"article:modified_time\" content=\"2025-03-11T12:25:19+00:00\" \/>\n<meta property=\"og:image\" content=\"https:\/\/www.ifegypte.com\/wp-content\/uploads\/2025\/03\/481701345_537907846000953_8151520916255643154_n.jpg\" \/>\n\t<meta property=\"og:image:width\" content=\"1080\" \/>\n\t<meta property=\"og:image:height\" content=\"1350\" \/>\n\t<meta property=\"og:image:type\" content=\"image\/jpeg\" \/>\n<meta name=\"twitter:card\" content=\"summary_large_image\" \/>\n<meta name=\"twitter:site\" content=\"@IFEgypte\" \/>\n<meta name=\"twitter:label1\" content=\"Est. reading time\" \/>\n\t<meta name=\"twitter:data1\" content=\"1 minute\" \/>\n<script type=\"application\/ld+json\" class=\"yoast-schema-graph\">{\"@context\":\"https:\/\/schema.org\",\"@graph\":[{\"@type\":\"WebPage\",\"@id\":\"https:\/\/www.ifegypte.com\/ar\/evenement\/33938\/\",\"url\":\"https:\/\/www.ifegypte.com\/ar\/evenement\/33938\/\",\"name\":\"Projection de Family Therapy - Institut fran\u00e7ais d&#039;\u00c9gypte\",\"isPartOf\":{\"@id\":\"https:\/\/www.ifegypte.com\/#website\"},\"primaryImageOfPage\":{\"@id\":\"https:\/\/www.ifegypte.com\/ar\/evenement\/33938\/#primaryimage\"},\"image\":{\"@id\":\"https:\/\/www.ifegypte.com\/ar\/evenement\/33938\/#primaryimage\"},\"thumbnailUrl\":\"https:\/\/www.ifegypte.com\/wp-content\/uploads\/2025\/03\/481701345_537907846000953_8151520916255643154_n.jpg\",\"datePublished\":\"2025-03-11T11:53:13+00:00\",\"dateModified\":\"2025-03-11T12:25:19+00:00\",\"breadcrumb\":{\"@id\":\"https:\/\/www.ifegypte.com\/ar\/evenement\/33938\/#breadcrumb\"},\"inLanguage\":\"ar-EG\",\"potentialAction\":[{\"@type\":\"ReadAction\",\"target\":[\"https:\/\/www.ifegypte.com\/ar\/evenement\/33938\/\"]}]},{\"@type\":\"ImageObject\",\"inLanguage\":\"ar-EG\",\"@id\":\"https:\/\/www.ifegypte.com\/ar\/evenement\/33938\/#primaryimage\",\"url\":\"https:\/\/www.ifegypte.com\/wp-content\/uploads\/2025\/03\/481701345_537907846000953_8151520916255643154_n.jpg\",\"contentUrl\":\"https:\/\/www.ifegypte.com\/wp-content\/uploads\/2025\/03\/481701345_537907846000953_8151520916255643154_n.jpg\",\"width\":1080,\"height\":1350},{\"@type\":\"BreadcrumbList\",\"@id\":\"https:\/\/www.ifegypte.com\/ar\/evenement\/33938\/#breadcrumb\",\"itemListElement\":[{\"@type\":\"ListItem\",\"position\":1,\"name\":\"\",\"item\":\"https:\/\/www.ifegypte.com\/ar\/\"},{\"@type\":\"ListItem\",\"position\":2,\"name\":\"\u00c9v\u00e8nements\",\"item\":\"https:\/\/www.ifegypte.com\/evenements\/\"},{\"@type\":\"ListItem\",\"position\":3,\"name\":\"Projection de Family Therapy\"}]},{\"@type\":\"WebSite\",\"@id\":\"https:\/\/www.ifegypte.com\/#website\",\"url\":\"https:\/\/www.ifegypte.com\/\",\"name\":\"Institut fran\u00e7ais d&#039;\u00c9gypte\",\"description\":\"\",\"potentialAction\":[{\"@type\":\"SearchAction\",\"target\":{\"@type\":\"EntryPoint\",\"urlTemplate\":\"https:\/\/www.ifegypte.com\/?s={search_term_string}\"},\"query-input\":{\"@type\":\"PropertyValueSpecification\",\"valueRequired\":true,\"valueName\":\"search_term_string\"}}],\"inLanguage\":\"ar-EG\"}]}<\/script>\n<!-- \/ Yoast SEO plugin. -->","yoast_head_json":{"title":"Projection de Family Therapy - Institut fran\u00e7ais d&#039;\u00c9gypte","robots":{"index":"index","follow":"follow","max-snippet":"max-snippet:-1","max-image-preview":"max-image-preview:large","max-video-preview":"max-video-preview:-1"},"canonical":"https:\/\/www.ifegypte.com\/ar\/evenement\/33938\/","og_locale":"ar_AR","og_type":"article","og_title":"Projection de Family Therapy - Institut fran\u00e7ais d&#039;\u00c9gypte","og_description":"Plongez dans l\u2019univers du cin\u00e9ma slov\u00e8ne avec une projection organis\u00e9e par l\u2019Ambassade de Slov\u00e9nie ! [&hellip;]","og_url":"https:\/\/www.ifegypte.com\/ar\/evenement\/33938\/","og_site_name":"Institut fran\u00e7ais d&#039;\u00c9gypte","article_publisher":"https:\/\/www.facebook.com\/InstitutFrancaisEgypte\/","article_modified_time":"2025-03-11T12:25:19+00:00","og_image":[{"width":1080,"height":1350,"url":"https:\/\/www.ifegypte.com\/wp-content\/uploads\/2025\/03\/481701345_537907846000953_8151520916255643154_n.jpg","type":"image\/jpeg"}],"twitter_card":"summary_large_image","twitter_site":"@IFEgypte","twitter_misc":{"Est. reading time":"1 minute"},"schema":{"@context":"https:\/\/schema.org","@graph":[{"@type":"WebPage","@id":"https:\/\/www.ifegypte.com\/ar\/evenement\/33938\/","url":"https:\/\/www.ifegypte.com\/ar\/evenement\/33938\/","name":"Projection de Family Therapy - Institut fran\u00e7ais d&#039;\u00c9gypte","isPartOf":{"@id":"https:\/\/www.ifegypte.com\/#website"},"primaryImageOfPage":{"@id":"https:\/\/www.ifegypte.com\/ar\/evenement\/33938\/#primaryimage"},"image":{"@id":"https:\/\/www.ifegypte.com\/ar\/evenement\/33938\/#primaryimage"},"thumbnailUrl":"https:\/\/www.ifegypte.com\/wp-content\/uploads\/2025\/03\/481701345_537907846000953_8151520916255643154_n.jpg","datePublished":"2025-03-11T11:53:13+00:00","dateModified":"2025-03-11T12:25:19+00:00","breadcrumb":{"@id":"https:\/\/www.ifegypte.com\/ar\/evenement\/33938\/#breadcrumb"},"inLanguage":"ar-EG","potentialAction":[{"@type":"ReadAction","target":["https:\/\/www.ifegypte.com\/ar\/evenement\/33938\/"]}]},{"@type":"ImageObject","inLanguage":"ar-EG","@id":"https:\/\/www.ifegypte.com\/ar\/evenement\/33938\/#primaryimage","url":"https:\/\/www.ifegypte.com\/wp-content\/uploads\/2025\/03\/481701345_537907846000953_8151520916255643154_n.jpg","contentUrl":"https:\/\/www.ifegypte.com\/wp-content\/uploads\/2025\/03\/481701345_537907846000953_8151520916255643154_n.jpg","width":1080,"height":1350},{"@type":"BreadcrumbList","@id":"https:\/\/www.ifegypte.com\/ar\/evenement\/33938\/#breadcrumb","itemListElement":[{"@type":"ListItem","position":1,"name":"","item":"https:\/\/www.ifegypte.com\/ar\/"},{"@type":"ListItem","position":2,"name":"\u00c9v\u00e8nements","item":"https:\/\/www.ifegypte.com\/evenements\/"},{"@type":"ListItem","position":3,"name":"Projection de Family Therapy"}]},{"@type":"WebSite","@id":"https:\/\/www.ifegypte.com\/#website","url":"https:\/\/www.ifegypte.com\/","name":"Institut fran\u00e7ais d&#039;\u00c9gypte","description":"","potentialAction":[{"@type":"SearchAction","target":{"@type":"EntryPoint","urlTemplate":"https:\/\/www.ifegypte.com\/?s={search_term_string}"},"query-input":{"@type":"PropertyValueSpecification","valueRequired":true,"valueName":"search_term_string"}}],"inLanguage":"ar-EG"}]}},"_links":{"self":[{"href":"https:\/\/www.ifegypte.com\/ar\/wp-json\/wp\/v2\/tribe_events\/33943","targetHints":{"allow":["GET"]}}],"collection":[{"href":"https:\/\/www.ifegypte.com\/ar\/wp-json\/wp\/v2\/tribe_events"}],"about":[{"href":"https:\/\/www.ifegypte.com\/ar\/wp-json\/wp\/v2\/types\/tribe_events"}],"author":[{"embeddable":true,"href":"https:\/\/www.ifegypte.com\/ar\/wp-json\/wp\/v2\/users\/8"}],"version-history":[{"count":2,"href":"https:\/\/www.ifegypte.com\/ar\/wp-json\/wp\/v2\/tribe_events\/33943\/revisions"}],"predecessor-version":[{"id":33945,"href":"https:\/\/www.ifegypte.com\/ar\/wp-json\/wp\/v2\/tribe_events\/33943\/revisions\/33945"}],"wp:featuredmedia":[{"embeddable":true,"href":"https:\/\/www.ifegypte.com\/ar\/wp-json\/wp\/v2\/media\/33940"}],"wp:attachment":[{"href":"https:\/\/www.ifegypte.com\/ar\/wp-json\/wp\/v2\/media?parent=33943"}],"wp:term":[{"taxonomy":"post_tag","embeddable":true,"href":"https:\/\/www.ifegypte.com\/ar\/wp-json\/wp\/v2\/tags?post=33943"},{"taxonomy":"tribe_events_cat","embeddable":true,"href":"https:\/\/www.ifegypte.com\/ar\/wp-json\/wp\/v2\/tribe_events_cat?post=33943"}],"curies":[{"name":"wp","href":"https:\/\/api.w.org\/{rel}","templated":true}]}}